{"id":31900,"date":"2017-04-29T23:15:42","date_gmt":"2017-04-29T23:15:42","guid":{"rendered":"https:\/\/andorraskirental.com\/esquiar-grandvalira\/"},"modified":"2025-09-30T18:43:18","modified_gmt":"2025-09-30T16:43:18","slug":"esquiar-grandvalira-andorra","status":"publish","type":"page","link":"https:\/\/andorraskirental.com\/es\/esquiar-grandvalira-andorra\/","title":{"rendered":"Esquiar en Grandvalira"},"content":{"rendered":"<p>[vc_row full_width=&#8221;stretch_row_content_no_spaces&#8221; css=&#8221;.vc_custom_1566557569064{margin-top: 55px !important;}&#8221;][vc_column width=&#8221;1\/6&#8243; css=&#8221;.vc_custom_1566309314567{padding-top: -30px !important;}&#8221;][\/vc_column][vc_column width=&#8221;1\/3&#8243;]<div data-id=\"mpc_image-4869f48b7180b00\" onclick=\"\" class=\"mpc-image mpc-init mpc-fullwidth  mpc-overlay--fade\"  data-align=\"middle-center\"><div class=\"mpc-item mpc-transition\"><img loading=\"lazy\" decoding=\"async\" width=\"900\" height=\"600\" src=\"https:\/\/andorraskirental.com\/wp-content\/uploads\/2019\/08\/esquiar-a-Grandvalira.jpg\" class=\"mpc-transition attachment-full\" alt=\"\" srcset=\"https:\/\/andorraskirental.com\/wp-content\/uploads\/2019\/08\/esquiar-a-Grandvalira.jpg 900w, https:\/\/andorraskirental.com\/wp-content\/uploads\/2019\/08\/esquiar-a-Grandvalira-300x200.jpg 300w, https:\/\/andorraskirental.com\/wp-content\/uploads\/2019\/08\/esquiar-a-Grandvalira-768x512.jpg 768w, https:\/\/andorraskirental.com\/wp-content\/uploads\/2019\/08\/esquiar-a-Grandvalira-500x333.jpg 500w\" sizes=\"auto, (max-width: 900px) 100vw, 900px\" \/><div class=\"mpc-item-overlay mpc-transition\"><div class=\"mpc-overlay--vertical-wrap\"><div class=\"mpc-overlay--vertical\"><a href=\"https:\/\/andorraskirental.com\/wp-content\/uploads\/2019\/08\/esquiar-a-Grandvalira.jpg\" rel=\"mpc\" class=\"mpc-icon-anchor mpc-magnific-popup\"><i class=\"mpc-item-overlay__icon mpc-type--lightbox mpc-icon--icon\"><\/i><\/a><\/div><\/div><\/div><\/div><\/div>[\/vc_column][vc_column width=&#8221;1\/3&#8243; css=&#8221;.vc_custom_1569835588484{padding-left: 20px !important;}&#8221;]<div data-id=\"mpc_icon_column-8569f48b7180bf7\" class=\"mpc-icon-column mpc-init mpc-parent-hover mpc-transition mpc-icon-column--style_1 mpc-align--center \" ><div data-id=\"mpc_icon-3469f48b718119e\" class=\"mpc-icon mpc-init mpc-transition mpc-effect-slide-right mpc-icon-hover mpc-icon--image \"><div class=\"mpc-icon-wrap\"><i class=\"mpc-icon-part mpc-regular mpc-transition \"><img loading=\"lazy\" decoding=\"async\" width=\"55\" height=\"55\" src=\"https:\/\/andorraskirental.com\/wp-content\/uploads\/2019\/08\/logo-grandvalira.jpg\" class=\"attachment-thumbnail\" alt=\"Logo Grandvalira\" \/><\/i><i class=\"mpc-icon-part mpc-hover mpc-transition \"><img loading=\"lazy\" decoding=\"async\" width=\"64\" height=\"64\" src=\"https:\/\/andorraskirental.com\/wp-content\/uploads\/2019\/08\/telecadira-grandvalira.png\" class=\"attachment-thumbnail\" alt=\"Telecadira Grandvalira\" \/><\/i><\/div><\/div><div class=\"mpc-icon-column__content-wrap\"><div class=\"mpc-icon-column__content\"><h3 class=\"mpc-icon-column__heading mpc-typography--mpc_preset_47 mpc-transition\">Esquiar en Grandvalira<\/h3><div class=\"mpc-icon-column__description mpc-typography--mpc_preset_1 mpc-transition\"><p style=\"text-align: center;\"><strong>Una estaci\u00f3n, seis sectores distintos<\/strong><\/p>\n<p style=\"text-align: left;\">Grandvalira se fund\u00f3 en 2003 con la uni\u00f3n de dos de las estaciones del Pirineo m\u00e1s hist\u00f3ricas, Pas de la Casa-Grau Roig (fundada en 1956) y Soldeu-El Tarter (fundada en 1964). Esta uni\u00f3n permiti\u00f3 la creaci\u00f3n de <strong><span style=\"color: #00ccff;\">la estaci\u00f3n m\u00e1s grande del Pirineo<\/span><\/strong> y una de las mayores de Europa, con <strong><span style=\"color: #00ccff;\">210 kil\u00f3metros de pistas<\/span><\/strong>, un total de 128 pistas de todos los niveles y un <strong><span style=\"color: #00ccff;\">forfait \u00fanico para disfrutar de todo este dominio esquiable<\/span><\/strong>.<\/p>\n<\/div><\/div><\/div><\/div>[\/vc_column][vc_column width=&#8221;1\/6&#8243;][\/vc_column][\/vc_row][vc_row full_width=&#8221;stretch_row&#8221; css=&#8221;.vc_custom_1568036799339{margin-top: 25px !important;padding-bottom: 25px !important;background-image: url(https:\/\/andorraskirental.com\/wp-content\/uploads\/2019\/09\/esquiar-grandvalira.jpg?id=31411) !important;background-position: 0 0 !important;background-repeat: no-repeat !important;}&#8221;][vc_column css=&#8221;.vc_custom_1566923478790{padding-right: 75px !important;}&#8221;][vc_custom_heading text=&#8221;Grandvalira (Encamp, Canillo, El Tarter, Soldeu, Pas de la Casa)&#8221; font_container=&#8221;tag:h2|font_size:30|text_align:center|color:%23383838|line_height:1.5&#8243; google_fonts=&#8221;font_family:Permanent%20Marker%3Aregular|font_style:400%20regular%3A400%3Anormal&#8221;]<div data-id=\"mpc_progress-3169f48b7181276\" class=\"mpc-progress mpc-init mpc-parent--init mpc-waypoint mpc-style--style_2 mpc-vertical--center \"  data-value=\"95\" data-value-text=\"210\" data-unit=\"\"><div class=\"mpc-progress__wrap\"><div class=\"mpc-progress__box\"><div class=\"mpc-progress__bar\"><\/div><div class=\"mpc-progress__info\"><h4 class=\"mpc-progress__title mpc-typography--mpc_preset_36\">Km esquiables<\/h4><div class=\"mpc-progress__value mpc-typography--mpc_preset_36\"><\/div><\/div><\/div><\/div><\/div><div data-id=\"mpc_progress-7369f48b71812fc\" class=\"mpc-progress mpc-init mpc-parent--init mpc-waypoint mpc-style--style_2 mpc-vertical--center \"  data-value=\"97\" data-value-text=\"100700\" data-unit=\"\"><div class=\"mpc-progress__wrap\"><div class=\"mpc-progress__box\"><div class=\"mpc-progress__bar\"><\/div><div class=\"mpc-progress__info\"><h4 class=\"mpc-progress__title mpc-typography--mpc_preset_36\">Capacidad (esquiadores\/hora)<\/h4><div class=\"mpc-progress__value mpc-typography--mpc_preset_36\"><\/div><\/div><\/div><\/div><\/div><div data-id=\"mpc_progress-8469f48b718135f\" class=\"mpc-progress mpc-init mpc-parent--init mpc-waypoint mpc-style--style_2 mpc-vertical--center \"  data-value=\"90\" data-value-text=\"2640\" data-unit=\"\"><div class=\"mpc-progress__wrap\"><div class=\"mpc-progress__box\"><div class=\"mpc-progress__bar\"><\/div><div class=\"mpc-progress__info\"><h4 class=\"mpc-progress__title mpc-typography--mpc_preset_36\">Cota m\u00e1xima (m.)<\/h4><div class=\"mpc-progress__value mpc-typography--mpc_preset_36\"><\/div><\/div><\/div><\/div><\/div>[vc_row_inner][vc_column_inner width=&#8221;1\/4&#8243;]<div data-id=\"mpc_icon_column-3869f48b71813db\" class=\"mpc-icon-column mpc-init mpc-parent-hover mpc-transition mpc-icon-column--style_1 mpc-align--center \" ><div data-id=\"mpc_icon-6869f48b718174d\" class=\"mpc-icon mpc-init mpc-transition mpc-effect-none mpc-icon--image \"><div class=\"mpc-icon-wrap\"><i class=\"mpc-icon-part mpc-regular mpc-transition \"><img loading=\"lazy\" decoding=\"async\" class=\"\" src=\"https:\/\/andorraskirental.com\/wp-content\/uploads\/2019\/08\/pista-negra-50x50.png\" width=\"50\" height=\"50\" alt=\"pista negra\" title=\"pista negra\" \/><\/i><\/div><\/div><div class=\"mpc-icon-column__content-wrap\"><div class=\"mpc-icon-column__content\"><h3 class=\"mpc-icon-column__heading mpc-transition\">19<\/h3><div class=\"mpc-icon-column__description mpc-typography--mpc_preset_1 mpc-transition\"><p style=\"text-align: center;\">Pistas negras<\/p>\n<\/div><\/div><\/div><\/div>[\/vc_column_inner][vc_column_inner width=&#8221;1\/4&#8243;]<div data-id=\"mpc_icon_column-9969f48b7181810\" class=\"mpc-icon-column mpc-init mpc-parent-hover mpc-transition mpc-icon-column--style_1 mpc-align--center \" ><div data-id=\"mpc_icon-5569f48b7181c0c\" class=\"mpc-icon mpc-init mpc-transition mpc-effect-none mpc-icon--image \"><div class=\"mpc-icon-wrap\"><i class=\"mpc-icon-part mpc-regular mpc-transition \"><img loading=\"lazy\" decoding=\"async\" class=\"\" src=\"https:\/\/andorraskirental.com\/wp-content\/uploads\/2019\/08\/pista-vermella-50x50.png\" width=\"50\" height=\"50\" alt=\"pista vermella\" title=\"pista vermella\" \/><\/i><\/div><\/div><div class=\"mpc-icon-column__content-wrap\"><div class=\"mpc-icon-column__content\"><h3 class=\"mpc-icon-column__heading mpc-transition\">41<\/h3><div class=\"mpc-icon-column__description mpc-typography--mpc_preset_1 mpc-transition\"><p style=\"text-align: center;\">Pistas rojas<\/p>\n<\/div><\/div><\/div><\/div>[\/vc_column_inner][vc_column_inner width=&#8221;1\/4&#8243;]<div data-id=\"mpc_icon_column-9869f48b7181cd2\" class=\"mpc-icon-column mpc-init mpc-parent-hover mpc-transition mpc-icon-column--style_1 mpc-align--center \" ><div data-id=\"mpc_icon-6969f48b7181f2a\" class=\"mpc-icon mpc-init mpc-transition mpc-effect-none mpc-icon--image \"><div class=\"mpc-icon-wrap\"><i class=\"mpc-icon-part mpc-regular mpc-transition \"><img loading=\"lazy\" decoding=\"async\" class=\"\" src=\"https:\/\/andorraskirental.com\/wp-content\/uploads\/2019\/08\/pista-blava-50x50.png\" width=\"50\" height=\"50\" alt=\"pista blava\" title=\"pista blava\" \/><\/i><\/div><\/div><div class=\"mpc-icon-column__content-wrap\"><div class=\"mpc-icon-column__content\"><h3 class=\"mpc-icon-column__heading mpc-transition\">49<\/h3><div class=\"mpc-icon-column__description mpc-typography--mpc_preset_1 mpc-transition\"><p style=\"text-align: center;\">Pistas azules<\/p>\n<\/div><\/div><\/div><\/div>[\/vc_column_inner][vc_column_inner width=&#8221;1\/4&#8243;]<div data-id=\"mpc_icon_column-2669f48b7181fbb\" class=\"mpc-icon-column mpc-init mpc-parent-hover mpc-transition mpc-icon-column--style_1 mpc-align--center \" ><div data-id=\"mpc_icon-2369f48b71821c8\" class=\"mpc-icon mpc-init mpc-transition mpc-effect-none mpc-icon--image \"><div class=\"mpc-icon-wrap\"><i class=\"mpc-icon-part mpc-regular mpc-transition \"><img loading=\"lazy\" decoding=\"async\" class=\"\" src=\"https:\/\/andorraskirental.com\/wp-content\/uploads\/2019\/08\/pista-verda-50x50.png\" width=\"50\" height=\"50\" alt=\"pista verda\" title=\"pista verda\" \/><\/i><\/div><\/div><div class=\"mpc-icon-column__content-wrap\"><div class=\"mpc-icon-column__content\"><h3 class=\"mpc-icon-column__heading mpc-transition\">20<\/h3><div class=\"mpc-icon-column__description mpc-typography--mpc_preset_1 mpc-transition\"><p style=\"text-align: center;\">Pistas verdes<\/p>\n<\/div><\/div><\/div><\/div>[\/vc_column_inner][\/vc_row_inner][\/vc_column][\/vc_row][vc_row css=&#8221;.vc_custom_1696494832309{margin-top: 20px !important;}&#8221;][vc_column][vc_custom_heading text=&#8221;Webcams en directo de todos los sectores de Grandvalira&#8221; font_container=&#8221;tag:h2|font_size:30|text_align:center|line_height:1.5&#8243; google_fonts=&#8221;font_family:Permanent%20Marker%3Aregular|font_style:400%20regular%3A400%3Anormal&#8221;][vc_custom_heading text=&#8221;Antes de hacer tu alquiler quiz\u00e1s te interesa darle una ojeada a todas las pistas de Grandvalira.&#8221; font_container=&#8221;tag:h2|font_size:18|text_align:center|color:%23111111|line_height:1.5&#8243; google_fonts=&#8221;font_family:Raleway%3A100%2C200%2C300%2Cregular%2C500%2C600%2C700%2C800%2C900|font_style:300%20light%20regular%3A300%3Anormal&#8221; css=&#8221;.vc_custom_1732699182049{margin-bottom: 3em !important;}&#8221;]<div id=\"mpc_tabs-9869f48b7182247\" class=\"mpc-tabs mpc-init mpc-transition mpc-tabs--left mpc-tabs--decor-line \"  data-active=\"1\"><div class=\"mpc-tabs__nav mpc-align--top\"><ul><li class=\"mpc-tabs__nav-item mpc-parent-hover mpc-active\" data-tab_id=\"1569418843-1-741569423415544\"><div data-id=\"mpc_button-1069f48b71822da\" class=\"mpc-button mpc-init mpc-transition \" ><div class=\"mpc-button__content mpc-effect-type--none mpc-effect-side--none\"><span class=\"mpc-button__title mpc-transition\">Encamp<\/span><\/div><div class=\"mpc-button__background mpc-transition mpc-effect-type--slide mpc-effect-side--right\"><\/div><\/div><\/li><li class=\"mpc-tabs__nav-item mpc-parent-hover\" data-tab_id=\"1569418843-2-791569423415544\"><div data-id=\"mpc_button-2069f48b718232a\" class=\"mpc-button mpc-init mpc-transition \" ><div class=\"mpc-button__content mpc-effect-type--none mpc-effect-side--none\"><span class=\"mpc-button__title mpc-transition\">Canillo<\/span><\/div><div class=\"mpc-button__background mpc-transition mpc-effect-type--slide mpc-effect-side--right\"><\/div><\/div><\/li><li class=\"mpc-tabs__nav-item mpc-parent-hover\" data-tab_id=\"1569419973204-2-71569423415544\"><div data-id=\"mpc_button-9569f48b718236a\" class=\"mpc-button mpc-init mpc-transition \" ><div class=\"mpc-button__content mpc-effect-type--none mpc-effect-side--none\"><span class=\"mpc-button__title mpc-transition\">Soldeu: Espiolets<\/span><\/div><div class=\"mpc-button__background mpc-transition mpc-effect-type--slide mpc-effect-side--right\"><\/div><\/div><\/li><li class=\"mpc-tabs__nav-item mpc-parent-hover\" data-tab_id=\"1569419990923-3-41569423415544\"><div data-id=\"mpc_button-1969f48b71823b2\" class=\"mpc-button mpc-init mpc-transition \" ><div class=\"mpc-button__content mpc-effect-type--none mpc-effect-side--none\"><span class=\"mpc-button__title mpc-transition\">El Tarter: Pi del migdia<\/span><\/div><div class=\"mpc-button__background mpc-transition mpc-effect-type--slide mpc-effect-side--right\"><\/div><\/div><\/li><li class=\"mpc-tabs__nav-item mpc-parent-hover\" data-tab_id=\"1569420007381-4-21569423415544\"><div data-id=\"mpc_button-1069f48b71823e7\" class=\"mpc-button mpc-init mpc-transition \" ><div class=\"mpc-button__content mpc-effect-type--none mpc-effect-side--none\"><span class=\"mpc-button__title mpc-transition\">Grau Roig: Pic del Cubil<\/span><\/div><div class=\"mpc-button__background mpc-transition mpc-effect-type--slide mpc-effect-side--right\"><\/div><\/div><\/li><li class=\"mpc-tabs__nav-item mpc-parent-hover\" data-tab_id=\"1569420403271-5-51569423415544\"><div data-id=\"mpc_button-6469f48b7182418\" class=\"mpc-button mpc-init mpc-transition \" ><div class=\"mpc-button__content mpc-effect-type--none mpc-effect-side--none\"><span class=\"mpc-button__title mpc-transition\">Pas de la Casa<\/span><\/div><div class=\"mpc-button__background mpc-transition mpc-effect-type--slide mpc-effect-side--right\"><\/div><\/div><\/li><\/ul><\/div><div class=\"mpc-tabs__content mpc-transition mpc-typography--mpc_preset_1\"><div class=\"mpc-tab mpc-container mpc-transition \" id=\"1569418843-1-741569423415544\" data-active=\"true\"><div class=\"mpc-tab__content\">[vc_raw_html]JTNDaWZyYW1lJTIwc3JjJTNEJTIyaHR0cHMlM0ElMkYlMkZ3ZWJ0di5mZXJhdGVsLmNvbSUyRndlYnR2JTJGJTNGZGVzaWduJTNEdjQlMjZwZyUzRDg3MURBNTBDLTQ2NzItNDU0NC1BRUNGLUFDQkQ3NUJFNTg5QyUyNmNhbSUzRDE1MDkwJTIyJTIwd2lkdGglM0QlMjIxMDAlMjUlMjIlMjBoZWlnaHQlM0QlMjI1MDAlMjIlMjBmcmFtZWJvcmRlciUzRCUyMjAlMjIlMjBhbGxvd2Z1bGxzY3JlZW4lM0UlM0MlMkZpZnJhbWUlM0U=[\/vc_raw_html]<\/div><\/div><div class=\"mpc-tab mpc-container mpc-transition \" id=\"1569418843-2-791569423415544\" data-active=\"false\"><div class=\"mpc-tab__content\">[vc_raw_html]JTNDaWZyYW1lJTIwc3JjJTNEJTIyJTJGJTJGd2VidHYuZmVyYXRlbC5jb20lMkZ3ZWJ0diUyRiUzRmRlc2lnbiUzRHY0JTI2cGclM0Q4NzFEQTUwQy00NjcyLTQ1NDQtQUVDRi1BQ0JENzVCRTU4OUMlMjZjYW0lM0QxNTA2NSUyMiUyMHdpZHRoJTNEJTIyMTAwJTI1JTIyJTIwaGVpZ2h0JTNEJTIyNTAwJTIyJTIwZnJhbWVib3JkZXIlM0QlMjIwJTIyJTIwYWxsb3dmdWxsc2NyZWVuJTNFJTNDJTJGaWZyYW1lJTNF[\/vc_raw_html]<\/div><\/div><div class=\"mpc-tab mpc-container mpc-transition \" id=\"1569419973204-2-71569423415544\" data-active=\"false\"><div class=\"mpc-tab__content\">[vc_raw_html]JTNDaWZyYW1lJTIwc3JjJTNEJTIyaHR0cHMlM0ElMkYlMkZ3ZWJ0di5mZXJhdGVsLmNvbSUyRndlYnR2JTJGJTNGZGVzaWduJTNEdjQlMjZwZyUzRDg3MURBNTBDLTQ2NzItNDU0NC1BRUNGLUFDQkQ3NUJFNTg5QyUyNmNhbSUzRDE1MDYwJTIyJTIwd2lkdGglM0QlMjIxMDAlMjUlMjIlMjBoZWlnaHQlM0QlMjI1MDAlMjIlMjBmcmFtZWJvcmRlciUzRCUyMjAlMjIlMjBhbGxvd2Z1bGxzY3JlZW4lM0UlM0MlMkZpZnJhbWUlM0U=[\/vc_raw_html]<\/div><\/div><div class=\"mpc-tab mpc-container mpc-transition \" id=\"1569419990923-3-41569423415544\" data-active=\"false\"><div class=\"mpc-tab__content\">[vc_raw_html]JTNDaWZyYW1lJTIwc3JjJTNEJTIyaHR0cHMlM0ElMkYlMkZ3ZWJ0di5mZXJhdGVsLmNvbSUyRndlYnR2JTJGJTNGZGVzaWduJTNEdjQlMjZwZyUzRDg3MURBNTBDLTQ2NzItNDU0NC1BRUNGLUFDQkQ3NUJFNTg5QyUyNmNhbSUzRDE1MDQ1JTIyJTIwd2lkdGglM0QlMjIxMDAlMjUlMjIlMjBoZWlnaHQlM0QlMjI1MDAlMjIlMjBmcmFtZWJvcmRlciUzRCUyMjAlMjIlMjBhbGxvd2Z1bGxzY3JlZW4lM0UlM0MlMkZpZnJhbWUlM0U=[\/vc_raw_html]<\/div><\/div><div class=\"mpc-tab mpc-container mpc-transition \" id=\"1569420007381-4-21569423415544\" data-active=\"false\"><div class=\"mpc-tab__content\">[vc_raw_html]JTNDaWZyYW1lJTIwc3JjJTNEJTIyaHR0cHMlM0ElMkYlMkZ3ZWJ0di5mZXJhdGVsLmNvbSUyRndlYnR2JTJGJTNGZGVzaWduJTNEdjQlMjZwZyUzRDg3MURBNTBDLTQ2NzItNDU0NC1BRUNGLUFDQkQ3NUJFNTg5QyUyNmNhbSUzRDE1MDUwJTIyJTIwd2lkdGglM0QlMjIxMDAlMjUlMjIlMjBoZWlnaHQlM0QlMjI1MDAlMjIlMjBmcmFtZWJvcmRlciUzRCUyMjAlMjIlMjBhbGxvd2Z1bGxzY3JlZW4lM0UlM0MlMkZpZnJhbWUlM0U=[\/vc_raw_html]<\/div><\/div><div class=\"mpc-tab mpc-container mpc-transition \" id=\"1569420403271-5-51569423415544\" data-active=\"false\"><div class=\"mpc-tab__content\">[vc_raw_html]JTNDaWZyYW1lJTIwc3JjJTNEJTIyaHR0cHMlM0ElMkYlMkZ3ZWJ0di5mZXJhdGVsLmNvbSUyRndlYnR2JTJGJTNGZGVzaWduJTNEdjQlMjZwZyUzRDg3MURBNTBDLTQ2NzItNDU0NC1BRUNGLUFDQkQ3NUJFNTg5QyUyNmNhbSUzRDE1MDU1JTIyJTIwd2lkdGglM0QlMjIxMDAlMjUlMjIlMjBoZWlnaHQlM0QlMjI1MDAlMjIlMjBmcmFtZWJvcmRlciUzRCUyMjAlMjIlMjBhbGxvd2Z1bGxzY3JlZW4lM0UlM0MlMkZpZnJhbWUlM0U=[\/vc_raw_html]<\/div><\/div><\/div><\/div>[\/vc_column][\/vc_row][vc_row css=&#8221;.vc_custom_1569424110523{margin-top: 15px !important;}&#8221;][vc_column][vc_custom_heading text=&#8221;Tiendas de esqu\u00ed en la zona de Grandvalira&#8221; font_container=&#8221;tag:h2|font_size:30|text_align:center|color:%23383838|line_height:1.5&#8243; google_fonts=&#8221;font_family:Permanent%20Marker%3Aregular|font_style:400%20regular%3A400%3Anormal&#8221;][vc_text_separator title=&#8221;&#8221; i_icon_fontawesome=&#8221;fa fa-arrow-down&#8221; i_color=&#8221;grey&#8221; i_size=&#8221;sm&#8221; el_width=&#8221;30&#8243; add_icon=&#8221;true&#8221;][\/vc_column][\/vc_row][vc_row full_width=&#8221;stretch_row_content_no_spaces&#8221; gap=&#8221;15&#8243; equal_height=&#8221;yes&#8221; css=&#8221;.vc_custom_1567518944935{padding-bottom: 20px !important;}&#8221;][vc_column width=&#8221;1\/3&#8243; css=&#8221;.vc_custom_1575627779467{background-color: rgba(10,10,10,0.15) !important;*background-color: rgb(10,10,10) !important;}&#8221; offset=&#8221;vc_hidden-md vc_hidden-sm&#8221;]<div data-id=\"mpc_ihover-4769f48b7182480\" class=\"mpc-ihover-wrapper mpc-init \"><div class=\"mpc-ihover-item ih-item square effect8  scale_up\" data-effect=\"effect8\"><a  href=\"#\" ><div class=\"img\"><div class=\"mpc-image-box\" style=\"background-image: url(https:\/\/andorraskirental.com\/wp-content\/uploads\/2019\/10\/logo-esports-everest.png);\"><\/div><\/div><div class=\"info\"><div class=\"info-wrap\"><h3 class=\"mpc-ihover-title mpc-typography--mpc_preset_19\">Esports Everest<\/h3><div class=\"mpc-ihover-content mpc-typography--mpc_preset_48\"><\/div><\/div><\/div><\/a><\/div><\/div>[vc_column_text]<\/p>\n<p style=\"text-align: center;\">Av. de Fran\u00e7ois Mitterrand, 85<br \/>\nAD200, Encamp &#8211; ANDORRA<br \/>\nSector Grandvalira<\/p>\n<p>[\/vc_column_text][vc_row_inner][vc_column_inner][vc_btn title=&#8221;+ info de la tienda&#8221; color=&#8221;default&#8221; size=&#8221;lg&#8221; align=&#8221;center&#8221; i_type=&#8221;linecons&#8221; i_icon_linecons=&#8221;vc_li vc_li-eye&#8221; add_icon=&#8221;true&#8221; custom_onclick=&#8221;true&#8221; custom_onclick_code=&#8221;onclick&#8221; link=&#8221;url:https%3A%2F%2Fandorraskirental.com%2Fes%2Falquilar-esquis-esportseverest%2F|title:M%C3%A9s%20informaci%C3%B3%20Esports%20Everest||&#8221;][\/vc_column_inner][\/vc_row_inner][vc_btn title=&#8221;Alquiler on-line&#8221; color=&#8221;info&#8221; size=&#8221;lg&#8221; align=&#8221;center&#8221; i_type=&#8221;linecons&#8221; i_icon_linecons=&#8221;vc_li vc_li-shop&#8221; add_icon=&#8221;true&#8221; custom_onclick=&#8221;true&#8221; custom_onclick_code=&#8221;document.getElementById(&#8216;iflloguer&#8217;).src=&#8217;https:\/\/andorraskirental.com\/moduls-lloguer\/everest\/lloguer.php?lang=es&amp;bt=1&#8242;;jQuery(&#8220;html, body&#8220;).animate({ scrollTop: jQuery(&#8216;#iflloguer&#8217;).offset().top-200}, 400);document.getElementById(&#8220;iflloguer&#8220;).onload = function() {document.getElementById(&#8220;iflloguer&#8220;).contentWindow.postMessage(window.name + &#8216;#&#8217; + location.search, &#8216;*&#8217;)};&#8221;][\/vc_column][vc_column width=&#8221;1\/3&#8243; css=&#8221;.vc_custom_1575627788545{background-color: rgba(10,0,0,0.07) !important;*background-color: rgb(10,0,0) !important;}&#8221; offset=&#8221;vc_hidden-md vc_hidden-sm&#8221;]<div data-id=\"mpc_ihover-4569f48b7182666\" class=\"mpc-ihover-wrapper mpc-init \"><div class=\"mpc-ihover-item ih-item square effect8  scale_up\" data-effect=\"effect8\"><a  href=\"#\" ><div class=\"img\"><div class=\"mpc-image-box\" style=\"background-image: url(https:\/\/andorraskirental.com\/wp-content\/uploads\/2024\/12\/Skiz-Logo_Nuevo.png);\"><\/div><\/div><div class=\"info\"><div class=\"info-wrap\"><h3 class=\"mpc-ihover-title mpc-typography--mpc_preset_19\">Skiz<\/h3><div class=\"mpc-ihover-content mpc-typography--mpc_preset_48\"><\/div><\/div><\/div><\/a><\/div><\/div>[vc_column_text]<\/p>\n<p style=\"text-align: center;\">Cam\u00ed Pont del Tarter<br \/>\nAD100, El Tarter &#8211; ANDORRA<br \/>\nSector Grandvalira<\/p>\n<p>[\/vc_column_text][vc_row_inner][vc_column_inner][vc_btn title=&#8221;+ info de la tienda&#8221; color=&#8221;default&#8221; size=&#8221;lg&#8221; align=&#8221;center&#8221; i_type=&#8221;linecons&#8221; i_icon_linecons=&#8221;vc_li vc_li-eye&#8221; add_icon=&#8221;true&#8221; custom_onclick=&#8221;true&#8221; custom_onclick_code=&#8221;onclick&#8221; link=&#8221;url:https%3A%2F%2Fandorraskirental.com%2Fes%2Falquilar-esquis-skiz%2F|title:M%C3%A9s%20informaci%C3%B3%20de%20SKIZ||&#8221;][\/vc_column_inner][\/vc_row_inner][vc_btn title=&#8221;Alquiler on-line&#8221; color=&#8221;info&#8221; size=&#8221;lg&#8221; align=&#8221;center&#8221; i_type=&#8221;linecons&#8221; i_icon_linecons=&#8221;vc_li vc_li-shop&#8221; add_icon=&#8221;true&#8221; custom_onclick=&#8221;true&#8221; custom_onclick_code=&#8221;document.getElementById(&#8216;iflloguer&#8217;).src=&#8217;https:\/\/andorraskirental.com\/moduls-lloguer\/skiz\/lloguer.php?lang=es&amp;bt=5&#8242;;jQuery(&#8220;html, body&#8220;).animate({ scrollTop: jQuery(&#8216;#iflloguer&#8217;).offset().top-200}, 400);document.getElementById(&#8216;iflloguer&#8217;).contentWindow.postMessage(window.name, &#8216;*&#8217;);document.getElementById(&#8220;iflloguer&#8220;).onload = function() {document.getElementById(&#8220;iflloguer&#8220;).contentWindow.postMessage(window.name + &#8216;#&#8217; + location.search, &#8216;*&#8217;)};&#8221;][\/vc_column][vc_column width=&#8221;1\/3&#8243; css=&#8221;.vc_custom_1728642329984{background-color: rgba(10,10,10,0.15) !important;*background-color: rgb(10,10,10) !important;}&#8221; offset=&#8221;vc_hidden-md vc_hidden-sm&#8221;]<div data-id=\"mpc_ihover-2569f48b71827da\" class=\"mpc-ihover-wrapper mpc-init \"><div class=\"mpc-ihover-item ih-item square effect8  scale_up\" data-effect=\"effect8\"><a  href=\"#\" ><div class=\"img\"><div class=\"mpc-image-box\" style=\"background-image: url(https:\/\/andorraskirental.com\/wp-content\/uploads\/2019\/10\/snow-torb-logo-2.png);\"><\/div><\/div><div class=\"info\"><div class=\"info-wrap\"><h3 class=\"mpc-ihover-title mpc-typography--mpc_preset_19\">Snow Torb<\/h3><div class=\"mpc-ihover-content mpc-typography--mpc_preset_48\"><\/div><\/div><\/div><\/a><\/div><\/div>[vc_column_text]<\/p>\n<p style=\"text-align: center;\">Av. d&#8217;Encamp, 33 &#8211; AD200<br \/>\nPas de la Casa &#8211; ANDORRA<br \/>\nSector Grandvalira<\/p>\n<p>[\/vc_column_text][vc_row_inner][vc_column_inner][vc_btn title=&#8221;+ info de la tienda&#8221; color=&#8221;default&#8221; size=&#8221;lg&#8221; align=&#8221;center&#8221; i_type=&#8221;linecons&#8221; i_icon_linecons=&#8221;vc_li vc_li-eye&#8221; add_icon=&#8221;true&#8221; custom_onclick=&#8221;true&#8221; custom_onclick_code=&#8221;onclick&#8221; link=&#8221;url:https%3A%2F%2Fandorraskirental.com%2Fes%2Falquilar-esquis-snowtorb%2F|title:M%C3%A9s%20informaci%C3%B3%20de%20Snow%20Torb||&#8221;][\/vc_column_inner][\/vc_row_inner][vc_btn title=&#8221;Alquiler on-line&#8221; color=&#8221;info&#8221; size=&#8221;lg&#8221; align=&#8221;center&#8221; i_type=&#8221;linecons&#8221; i_icon_linecons=&#8221;vc_li vc_li-shop&#8221; add_icon=&#8221;true&#8221; custom_onclick=&#8221;true&#8221; custom_onclick_code=&#8221;document.getElementById(&#8216;iflloguer&#8217;).src=&#8217;https:\/\/andorraskirental.com\/moduls-lloguer\/snowtorb\/lloguer.php?lang=es&amp;bt=3&#8242;;jQuery(&#8220;html, body&#8220;).animate({ scrollTop: jQuery(&#8216;#iflloguer&#8217;).offset().top-200}, 400);document.getElementById(&#8220;iflloguer&#8220;).onload = function() {document.getElementById(&#8220;iflloguer&#8220;).contentWindow.postMessage(window.name + &#8216;#&#8217; + location.search, &#8216;*&#8217;)};&#8221;][\/vc_column][\/vc_row][vc_row full_width=&#8221;stretch_row_content_no_spaces&#8221; gap=&#8221;15&#8243; equal_height=&#8221;yes&#8221; css=&#8221;.vc_custom_1728642298201{padding-bottom: 20px !important;}&#8221;][vc_column width=&#8221;1\/3&#8243; css=&#8221;.vc_custom_1575627803339{background-color: rgba(0,0,0,0.07) !important;*background-color: rgb(0,0,0) !important;}&#8221; offset=&#8221;vc_hidden-md vc_hidden-sm&#8221;]<div data-id=\"mpc_ihover-3369f48b7182959\" class=\"mpc-ihover-wrapper mpc-init \"><div class=\"mpc-ihover-item ih-item square effect8  scale_up\" data-effect=\"effect8\"><a  href=\"#\" ><div class=\"img\"><div class=\"mpc-image-box\" style=\"background-image: url(https:\/\/andorraskirental.com\/wp-content\/uploads\/2019\/09\/Logo-Zephyr.jpg);\"><\/div><\/div><div class=\"info\"><div class=\"info-wrap\"><h3 class=\"mpc-ihover-title mpc-typography--mpc_preset_19\">Esports Zephyr<\/h3><div class=\"mpc-ihover-content mpc-typography--mpc_preset_48\"><\/div><\/div><\/div><\/a><\/div><\/div>[vc_column_text]<\/p>\n<p style=\"text-align: center;\">Av. d&#8217;Encamp, 13 &#8211; AD200<br \/>\nPas de la Casa &#8211; ANDORRA<br \/>\nSector Grandvalira<\/p>\n<p>[\/vc_column_text][vc_row_inner][vc_column_inner][vc_btn title=&#8221;+ info de la tienda&#8221; color=&#8221;default&#8221; size=&#8221;lg&#8221; align=&#8221;center&#8221; i_type=&#8221;linecons&#8221; i_icon_linecons=&#8221;vc_li vc_li-eye&#8221; add_icon=&#8221;true&#8221; custom_onclick=&#8221;true&#8221; custom_onclick_code=&#8221;onclick&#8221; link=&#8221;url:https%3A%2F%2Fandorraskirental.com%2Fes%2Falquilar-esquis-zephyr%2F|title:M%C3%A9s%20informaci%C3%B3%20de%20Zephyr||&#8221;][vc_btn title=&#8221;Alquiler on-line&#8221; color=&#8221;info&#8221; size=&#8221;lg&#8221; align=&#8221;center&#8221; i_type=&#8221;linecons&#8221; i_icon_linecons=&#8221;vc_li vc_li-shop&#8221; add_icon=&#8221;true&#8221; custom_onclick=&#8221;true&#8221; custom_onclick_code=&#8221;document.getElementById(&#8216;iflloguer&#8217;).src=&#8217;https:\/\/andorraskirental.com\/moduls-lloguer\/zephyr\/lloguer.php?lang=es&amp;bt=4&#8242;;jQuery(&#8220;html, body&#8220;).animate({ scrollTop: jQuery(&#8216;#iflloguer&#8217;).offset().top-200}, 400);document.getElementById(&#8220;iflloguer&#8220;).onload = function() {document.getElementById(&#8220;iflloguer&#8220;).contentWindow.postMessage(window.name + &#8216;#&#8217; + location.search, &#8216;*&#8217;)};&#8221;][\/vc_column_inner][\/vc_row_inner][\/vc_column][vc_column width=&#8221;1\/3&#8243; css=&#8221;.vc_custom_1728642680715{background-color: rgba(10,10,10,0.15) !important;*background-color: rgb(10,10,10) !important;}&#8221; offset=&#8221;vc_hidden-md vc_hidden-sm&#8221;]<div data-id=\"mpc_ihover-4769f48b7182aea\" class=\"mpc-ihover-wrapper mpc-init \"><div class=\"mpc-ihover-item ih-item square effect8  scale_up\" data-effect=\"effect8\"><a  href=\"#\" ><div class=\"img\"><div class=\"mpc-image-box\" style=\"background-image: url(https:\/\/andorraskirental.com\/wp-content\/uploads\/2020\/11\/Esports-elit-canillo.png);\"><\/div><\/div><div class=\"info\"><div class=\"info-wrap\"><h3 class=\"mpc-ihover-title mpc-typography--mpc_preset_19\">Esports Elit<\/h3><div class=\"mpc-ihover-content mpc-typography--mpc_preset_48\"><\/div><\/div><\/div><\/a><\/div><\/div>[vc_column_text]<\/p>\n<p style=\"text-align: center;\">Av. Sant Joan de Caselles, s\/n &#8211; AD100<br \/>\nCanillo &#8211; ANDORRA<br \/>\nSector Grandvalira<\/p>\n<p>[\/vc_column_text][vc_row_inner][vc_column_inner][vc_btn title=&#8221;+ info de la tienda&#8221; color=&#8221;default&#8221; size=&#8221;lg&#8221; align=&#8221;center&#8221; i_type=&#8221;linecons&#8221; i_icon_linecons=&#8221;vc_li vc_li-eye&#8221; add_icon=&#8221;true&#8221; custom_onclick=&#8221;true&#8221; custom_onclick_code=&#8221;onclick&#8221; link=&#8221;url:https%3A%2F%2Fandorraskirental.com%2Fes%2Falquiler-esquis-canillo%2F|title:M%C3%A1s%20informaci%C3%B3n%20de%20Esports%20Elit||&#8221;][vc_btn title=&#8221;Alquiler web client&#8221; color=&#8221;info&#8221; size=&#8221;lg&#8221; align=&#8221;center&#8221; i_type=&#8221;linecons&#8221; i_icon_linecons=&#8221;vc_li vc_li-shop&#8221; add_icon=&#8221;true&#8221; link=&#8221;url:https%3A%2F%2Fesportselit.com%2Flloguer-de-material%2F|title:Web%20Esports%20Elit|target:%20_blank|&#8221;][\/vc_column_inner][\/vc_row_inner][\/vc_column][vc_column width=&#8221;1\/3&#8243; css=&#8221;.vc_custom_1728642687858{background-color: rgba(0,0,0,0.07) !important;*background-color: rgb(0,0,0) !important;}&#8221; offset=&#8221;vc_hidden-md vc_hidden-sm&#8221;]<div data-id=\"mpc_ihover-669f48b7182c3a\" class=\"mpc-ihover-wrapper mpc-init \"><div class=\"mpc-ihover-item ih-item square effect8  scale_up\" data-effect=\"effect8\"><a  href=\"#\" ><div class=\"img\"><div class=\"mpc-image-box\" style=\"background-image: url(https:\/\/andorraskirental.com\/wp-content\/uploads\/2024\/10\/logo-envalira-sports-petit.png);\"><\/div><\/div><div class=\"info\"><div class=\"info-wrap\"><h3 class=\"mpc-ihover-title mpc-typography--mpc_preset_19\">Envalira Sports<\/h3><div class=\"mpc-ihover-content mpc-typography--mpc_preset_48\"><\/div><\/div><\/div><\/a><\/div><\/div>[vc_column_text]<\/p>\n<p style=\"text-align: center;\">Crta General 2, n. 117 &#8211; AD100<br \/>\nBordes d&#8217;Envalira &#8211; ANDORRA<br \/>\nSector Grandvalira<\/p>\n<p>[\/vc_column_text][vc_row_inner][vc_column_inner][vc_btn title=&#8221;+ info de la tienda&#8221; color=&#8221;default&#8221; size=&#8221;lg&#8221; align=&#8221;center&#8221; i_type=&#8221;linecons&#8221; i_icon_linecons=&#8221;vc_li vc_li-eye&#8221; add_icon=&#8221;true&#8221; custom_onclick=&#8221;true&#8221; custom_onclick_code=&#8221;onclick&#8221; link=&#8221;url:https%3A%2F%2Fandorraskirental.com%2Fes%2Falquiler-esquis-canillo-envalira-sports%2F|title:M%C3%A9s%20informaci%C3%B3%20d&#8217;Envalira%20Sports||&#8221;][vc_btn title=&#8221;Alquiler on-line&#8221; color=&#8221;info&#8221; size=&#8221;lg&#8221; align=&#8221;center&#8221; i_type=&#8221;linecons&#8221; i_icon_linecons=&#8221;vc_li vc_li-shop&#8221; add_icon=&#8221;true&#8221; custom_onclick=&#8221;true&#8221; link=&#8221;|title:Lloguer%20amb%20Envalira%20Sports||&#8221; custom_onclick_code=&#8221;document.getElementById(&#8216;iflloguer&#8217;).src=&#8217;https:\/\/andorraskirental.com\/moduls-lloguer\/envalira\/lloguer.php?lang=es&amp;bt=7&#8242;;jQuery(&#8220;html, body&#8220;).animate({ scrollTop: jQuery(&#8216;#iflloguer&#8217;).offset().top-200}, 400);document.getElementById(&#8216;iflloguer&#8217;).contentWindow.postMessage(window.name, &#8216;*&#8217;);document.getElementById(&#8220;iflloguer&#8220;).onload = function() {document.getElementById(&#8220;iflloguer&#8220;).contentWindow.postMessage(window.name + &#8216;#&#8217; + location.search, &#8216;*&#8217;)};&#8221;][\/vc_column_inner][\/vc_row_inner][\/vc_column][\/vc_row][vc_row full_width=&#8221;stretch_row_content_no_spaces&#8221; gap=&#8221;15&#8243; equal_height=&#8221;yes&#8221; css=&#8221;.vc_custom_1567518944935{padding-bottom: 20px !important;}&#8221;][vc_column width=&#8221;1\/2&#8243; css=&#8221;.vc_custom_1575627696061{background-color: rgba(10,10,10,0.15) !important;*background-color: rgb(10,10,10) !important;}&#8221; offset=&#8221;vc_hidden-lg vc_hidden-xs&#8221;]<div data-id=\"mpc_ihover-7669f48b7182dd4\" class=\"mpc-ihover-wrapper mpc-init \"><div class=\"mpc-ihover-item ih-item square effect8  scale_up\" data-effect=\"effect8\"><a  href=\"#\" ><div class=\"img\"><div class=\"mpc-image-box\" style=\"background-image: url(https:\/\/andorraskirental.com\/wp-content\/uploads\/2024\/10\/logo-envalira-sports-petit.png);\"><\/div><\/div><div class=\"info\"><div class=\"info-wrap\"><h3 class=\"mpc-ihover-title mpc-typography--mpc_preset_19\">Envalira Sports<\/h3><div class=\"mpc-ihover-content mpc-typography--mpc_preset_48\"><\/div><\/div><\/div><\/a><\/div><\/div>[vc_column_text]<\/p>\n<p style=\"text-align: center;\">Crta General 2, n. 117 &#8211; AD100<br \/>\nBordes d&#8217;Envalira &#8211; ANDORRA<br \/>\nSector Grandvalira<\/p>\n<p>[\/vc_column_text][vc_row_inner][vc_column_inner][vc_btn title=&#8221;+ info de la tienda&#8221; color=&#8221;default&#8221; size=&#8221;lg&#8221; align=&#8221;center&#8221; i_type=&#8221;linecons&#8221; i_icon_linecons=&#8221;vc_li vc_li-eye&#8221; add_icon=&#8221;true&#8221; custom_onclick=&#8221;true&#8221; custom_onclick_code=&#8221;onclick&#8221; link=&#8221;url:https%3A%2F%2Fandorraskirental.com%2Fes%2Falquiler-esquis-canillo-envalira-sports%2F|title:M%C3%A1s%20informaci%C3%B3n%20de%20Envalira%20Sports||&#8221;][vc_btn title=&#8221;Alquiler on-line&#8221; color=&#8221;info&#8221; size=&#8221;lg&#8221; align=&#8221;center&#8221; i_type=&#8221;linecons&#8221; i_icon_linecons=&#8221;vc_li vc_li-shop&#8221; add_icon=&#8221;true&#8221; custom_onclick=&#8221;true&#8221; link=&#8221;|title:Lloguer%20amb%20Envalira%20Sports||&#8221; custom_onclick_code=&#8221;document.getElementById(&#8216;iflloguer&#8217;).src=&#8217;https:\/\/andorraskirental.com\/moduls-lloguer\/envalira\/lloguer.php?lang=es&amp;bt=7&#8242;;jQuery(&#8220;html, body&#8220;).animate({ scrollTop: jQuery(&#8216;#iflloguer&#8217;).offset().top-200}, 400);document.getElementById(&#8216;iflloguer&#8217;).contentWindow.postMessage(window.name, &#8216;*&#8217;);document.getElementById(&#8220;iflloguer&#8220;).onload = function() {document.getElementById(&#8220;iflloguer&#8220;).contentWindow.postMessage(window.name + &#8216;#&#8217; + location.search, &#8216;*&#8217;)};&#8221;][\/vc_column_inner][\/vc_row_inner][\/vc_column][vc_column width=&#8221;1\/2&#8243; css=&#8221;.vc_custom_1575627704080{background-color: rgba(10,0,0,0.07) !important;*background-color: rgb(10,0,0) !important;}&#8221; offset=&#8221;vc_hidden-lg vc_hidden-xs&#8221;]<div data-id=\"mpc_ihover-4369f48b7182eba\" class=\"mpc-ihover-wrapper mpc-init \"><div class=\"mpc-ihover-item ih-item square effect8  scale_up\" data-effect=\"effect8\"><a  href=\"#\" ><div class=\"img\"><div class=\"mpc-image-box\" style=\"background-image: url(https:\/\/andorraskirental.com\/wp-content\/uploads\/2020\/11\/Esports-elit-canillo.png);\"><\/div><\/div><div class=\"info\"><div class=\"info-wrap\"><h3 class=\"mpc-ihover-title mpc-typography--mpc_preset_19\">Esports Elit<\/h3><div class=\"mpc-ihover-content mpc-typography--mpc_preset_48\"><\/div><\/div><\/div><\/a><\/div><\/div>[vc_column_text]<\/p>\n<p style=\"text-align: center;\">Av. Sant Joan de Caselles, s\/n &#8211; AD100<br \/>\nCanillo &#8211; ANDORRA<br \/>\nSector Grandvalira<\/p>\n<p>[\/vc_column_text][vc_row_inner][vc_column_inner][vc_btn title=&#8221;+ info de la tienda&#8221; color=&#8221;default&#8221; size=&#8221;lg&#8221; align=&#8221;center&#8221; i_type=&#8221;linecons&#8221; i_icon_linecons=&#8221;vc_li vc_li-eye&#8221; add_icon=&#8221;true&#8221; link=&#8221;url:https%3A%2F%2Fandorraskirental.com%2Fes%2Falquiler-esquis-canillo%2F|title:M%C3%A1s%20informaci%C3%B3n%20de%20Esports%20Elit||&#8221;][vc_btn title=&#8221;Alquiler web cliente&#8221; color=&#8221;info&#8221; size=&#8221;lg&#8221; align=&#8221;center&#8221; i_type=&#8221;linecons&#8221; i_icon_linecons=&#8221;vc_li vc_li-shop&#8221; add_icon=&#8221;true&#8221; link=&#8221;url:https%3A%2F%2Fesportselit.com%2Flloguer-de-material%2F|title:Web%20Esports%20Elit|target:%20_blank|&#8221;][\/vc_column_inner][\/vc_row_inner][\/vc_column][\/vc_row][vc_row full_width=&#8221;stretch_row_content_no_spaces&#8221; gap=&#8221;15&#8243; equal_height=&#8221;yes&#8221; css=&#8221;.vc_custom_1567518944935{padding-bottom: 20px !important;}&#8221;][vc_column width=&#8221;1\/2&#8243; css=&#8221;.vc_custom_1575627696061{background-color: rgba(10,10,10,0.15) !important;*background-color: rgb(10,10,10) !important;}&#8221; offset=&#8221;vc_hidden-lg vc_hidden-xs&#8221;]<div data-id=\"mpc_ihover-1569f48b7182f77\" class=\"mpc-ihover-wrapper mpc-init \"><div class=\"mpc-ihover-item ih-item square effect8  scale_up\" data-effect=\"effect8\"><a  href=\"#\" ><div class=\"img\"><div class=\"mpc-image-box\" style=\"background-image: url(https:\/\/andorraskirental.com\/wp-content\/uploads\/2019\/10\/logo-esports-everest.png);\"><\/div><\/div><div class=\"info\"><div class=\"info-wrap\"><h3 class=\"mpc-ihover-title mpc-typography--mpc_preset_19\">Esports Everest<\/h3><div class=\"mpc-ihover-content mpc-typography--mpc_preset_48\"><\/div><\/div><\/div><\/a><\/div><\/div>[vc_column_text]<\/p>\n<p style=\"text-align: center;\">Av. de Fran\u00e7ois Mitterrand, 85<br \/>\nAD200, Encamp &#8211; ANDORRA<br \/>\nSector Grandvalira<\/p>\n<p>[\/vc_column_text][vc_row_inner][vc_column_inner][vc_btn title=&#8221;+ info de la tienda&#8221; color=&#8221;default&#8221; size=&#8221;lg&#8221; align=&#8221;center&#8221; i_type=&#8221;linecons&#8221; i_icon_linecons=&#8221;vc_li vc_li-eye&#8221; add_icon=&#8221;true&#8221; custom_onclick=&#8221;true&#8221; custom_onclick_code=&#8221;onclick&#8221; link=&#8221;url:https%3A%2F%2Fandorraskirental.com%2Fes%2Falquilar-esquis-esportseverest%2F|title:M%C3%A1s%20informaci%C3%B3n%20Esports%20Everest||&#8221;][\/vc_column_inner][\/vc_row_inner][vc_btn title=&#8221;Alquiler on-line&#8221; color=&#8221;info&#8221; size=&#8221;lg&#8221; align=&#8221;center&#8221; i_type=&#8221;linecons&#8221; i_icon_linecons=&#8221;vc_li vc_li-shop&#8221; add_icon=&#8221;true&#8221; custom_onclick=&#8221;true&#8221; custom_onclick_code=&#8221;document.getElementById(&#8216;iflloguer&#8217;).src=&#8217;https:\/\/andorraskirental.com\/moduls-lloguer\/everest\/lloguer.php?lang=es&amp;bt=1&#8242;;jQuery(&#8220;html, body&#8220;).animate({ scrollTop: jQuery(&#8216;#iflloguer&#8217;).offset().top-200}, 400);document.getElementById(&#8220;iflloguer&#8220;).onload = function() {document.getElementById(&#8220;iflloguer&#8220;).contentWindow.postMessage(window.name + &#8216;#&#8217; + location.search, &#8216;*&#8217;)};&#8221;][\/vc_column][vc_column width=&#8221;1\/2&#8243; css=&#8221;.vc_custom_1575627704080{background-color: rgba(10,0,0,0.07) !important;*background-color: rgb(10,0,0) !important;}&#8221; offset=&#8221;vc_hidden-lg vc_hidden-xs&#8221;]<div data-id=\"mpc_ihover-4169f48b7183031\" class=\"mpc-ihover-wrapper mpc-init \"><div class=\"mpc-ihover-item ih-item square effect8  scale_up\" data-effect=\"effect8\"><a  href=\"#\" ><div class=\"img\"><div class=\"mpc-image-box\" style=\"background-image: url(https:\/\/andorraskirental.com\/wp-content\/uploads\/2024\/12\/Skiz-Logo_Nuevo.png);\"><\/div><\/div><div class=\"info\"><div class=\"info-wrap\"><h3 class=\"mpc-ihover-title mpc-typography--mpc_preset_19\">Skiz<\/h3><div class=\"mpc-ihover-content mpc-typography--mpc_preset_48\"><\/div><\/div><\/div><\/a><\/div><\/div>[vc_column_text]<\/p>\n<p style=\"text-align: center;\">Cam\u00ed Pont del Tarter<br \/>\nAD100, El Tarter &#8211; ANDORRA<br \/>\nSector Grandvalira<\/p>\n<p>[\/vc_column_text][vc_row_inner][vc_column_inner][vc_btn title=&#8221;+ info de la tienda&#8221; color=&#8221;default&#8221; size=&#8221;lg&#8221; align=&#8221;center&#8221; i_type=&#8221;linecons&#8221; i_icon_linecons=&#8221;vc_li vc_li-eye&#8221; add_icon=&#8221;true&#8221; custom_onclick=&#8221;true&#8221; custom_onclick_code=&#8221;onclick&#8221; link=&#8221;url:https%3A%2F%2Fandorraskirental.com%2Fes%2Falquilar-esquis-skiz%2F|title:M%C3%A1s%20informaci%C3%B3n%20de%20SKIZ||&#8221;][\/vc_column_inner][\/vc_row_inner][vc_btn title=&#8221;Alquiler on-line&#8221; color=&#8221;info&#8221; size=&#8221;lg&#8221; align=&#8221;center&#8221; i_type=&#8221;linecons&#8221; i_icon_linecons=&#8221;vc_li vc_li-shop&#8221; add_icon=&#8221;true&#8221; custom_onclick=&#8221;true&#8221; custom_onclick_code=&#8221;document.getElementById(&#8216;iflloguer&#8217;).src=&#8217;https:\/\/andorraskirental.com\/moduls-lloguer\/skiz\/lloguer.php?lang=es&amp;bt=5&#8242;;jQuery(&#8220;html, body&#8220;).animate({ scrollTop: jQuery(&#8216;#iflloguer&#8217;).offset().top-200}, 400);document.getElementById(&#8216;iflloguer&#8217;).contentWindow.postMessage(window.name, &#8216;*&#8217;);document.getElementById(&#8220;iflloguer&#8220;).onload = function() {document.getElementById(&#8220;iflloguer&#8220;).contentWindow.postMessage(window.name + &#8216;#&#8217; + location.search, &#8216;*&#8217;)};&#8221;][\/vc_column][\/vc_row][vc_row full_width=&#8221;stretch_row_content_no_spaces&#8221; gap=&#8221;15&#8243; equal_height=&#8221;yes&#8221; css=&#8221;.vc_custom_1567518944935{padding-bottom: 20px !important;}&#8221;][vc_column width=&#8221;1\/2&#8243; css=&#8221;.vc_custom_1575627713036{background-color: rgba(0,0,0,0.1) !important;*background-color: rgb(0,0,0) !important;}&#8221; offset=&#8221;vc_hidden-lg vc_hidden-xs&#8221;]<div data-id=\"mpc_ihover-5169f48b71830ed\" class=\"mpc-ihover-wrapper mpc-init \"><div class=\"mpc-ihover-item ih-item square effect8  scale_up\" data-effect=\"effect8\"><a  href=\"#\" ><div class=\"img\"><div class=\"mpc-image-box\" style=\"background-image: url(https:\/\/andorraskirental.com\/wp-content\/uploads\/2019\/10\/snow-torb-logo-2.png);\"><\/div><\/div><div class=\"info\"><div class=\"info-wrap\"><h3 class=\"mpc-ihover-title mpc-typography--mpc_preset_19\">Snow Torb<\/h3><div class=\"mpc-ihover-content mpc-typography--mpc_preset_48\"><\/div><\/div><\/div><\/a><\/div><\/div>[vc_column_text]<\/p>\n<p style=\"text-align: center;\">Av. d&#8217;Encamp, 33 &#8211; AD200<br \/>\nPas de la Casa &#8211; ANDORRA<br \/>\nSector Grandvalira<\/p>\n<p>[\/vc_column_text][vc_row_inner][vc_column_inner][vc_btn title=&#8221;+ info de la tienda&#8221; color=&#8221;default&#8221; size=&#8221;lg&#8221; align=&#8221;center&#8221; i_type=&#8221;linecons&#8221; i_icon_linecons=&#8221;vc_li vc_li-eye&#8221; add_icon=&#8221;true&#8221; custom_onclick=&#8221;true&#8221; custom_onclick_code=&#8221;onclick&#8221; link=&#8221;url:https%3A%2F%2Fandorraskirental.com%2Fes%2Falquilar-esquis-snowtorb%2F|title:M%C3%A9s%20informaci%C3%B3%20de%20Snow%20Torb||&#8221;][\/vc_column_inner][\/vc_row_inner][vc_btn title=&#8221;Alquiler on-line&#8221; color=&#8221;info&#8221; size=&#8221;lg&#8221; align=&#8221;center&#8221; i_type=&#8221;linecons&#8221; i_icon_linecons=&#8221;vc_li vc_li-shop&#8221; add_icon=&#8221;true&#8221; custom_onclick=&#8221;true&#8221; custom_onclick_code=&#8221;document.getElementById(&#8216;iflloguer&#8217;).src=&#8217;https:\/\/andorraskirental.com\/moduls-lloguer\/snowtorb\/lloguer.php?lang=es&amp;bt=3&#8242;;jQuery(&#8220;html, body&#8220;).animate({ scrollTop: jQuery(&#8216;#iflloguer&#8217;).offset().top-200}, 400);document.getElementById(&#8220;iflloguer&#8220;).onload = function() {document.getElementById(&#8220;iflloguer&#8220;).contentWindow.postMessage(window.name + &#8216;#&#8217; + location.search, &#8216;*&#8217;)};&#8221;][\/vc_column][vc_column width=&#8221;1\/2&#8243; css=&#8221;.vc_custom_1575627720764{background-color: rgba(0,0,0,0.07) !important;*background-color: rgb(0,0,0) !important;}&#8221; offset=&#8221;vc_hidden-lg vc_hidden-xs&#8221;]<div data-id=\"mpc_ihover-8769f48b71831a6\" class=\"mpc-ihover-wrapper mpc-init \"><div class=\"mpc-ihover-item ih-item square effect8  scale_up\" data-effect=\"effect8\"><a  href=\"#\" ><div class=\"img\"><div class=\"mpc-image-box\" style=\"background-image: url(https:\/\/andorraskirental.com\/wp-content\/uploads\/2019\/09\/Logo-Zephyr.jpg);\"><\/div><\/div><div class=\"info\"><div class=\"info-wrap\"><h3 class=\"mpc-ihover-title mpc-typography--mpc_preset_19\">Esports Zephyr<\/h3><div class=\"mpc-ihover-content mpc-typography--mpc_preset_48\"><\/div><\/div><\/div><\/a><\/div><\/div>[vc_column_text]<\/p>\n<p style=\"text-align: center;\">Av. d&#8217;Encamp, 13 &#8211; AD200<br \/>\nPas de la Casa &#8211; ANDORRA<br \/>\nSector Grandvalira<\/p>\n<p>[\/vc_column_text][vc_row_inner][vc_column_inner][vc_btn title=&#8221;+ info de la tienda&#8221; color=&#8221;default&#8221; size=&#8221;lg&#8221; align=&#8221;center&#8221; i_type=&#8221;linecons&#8221; i_icon_linecons=&#8221;vc_li vc_li-eye&#8221; add_icon=&#8221;true&#8221; custom_onclick=&#8221;true&#8221; custom_onclick_code=&#8221;onclick&#8221; link=&#8221;url:https%3A%2F%2Fandorraskirental.com%2Fes%2Falquilar-esquis-zephyr%2F|title:M%C3%A9s%20informaci%C3%B3%20de%20Zephyr||&#8221;][vc_btn title=&#8221;Alquiler on-line&#8221; color=&#8221;info&#8221; size=&#8221;lg&#8221; align=&#8221;center&#8221; i_type=&#8221;linecons&#8221; i_icon_linecons=&#8221;vc_li vc_li-shop&#8221; add_icon=&#8221;true&#8221; custom_onclick=&#8221;true&#8221; custom_onclick_code=&#8221;document.getElementById(&#8216;iflloguer&#8217;).src=&#8217;https:\/\/andorraskirental.com\/moduls-lloguer\/zephyr\/lloguer.php?lang=es&amp;bt=4&#8242;;jQuery(&#8220;html, body&#8220;).animate({ scrollTop: jQuery(&#8216;#iflloguer&#8217;).offset().top-200}, 400);document.getElementById(&#8220;iflloguer&#8220;).onload = function() {document.getElementById(&#8220;iflloguer&#8220;).contentWindow.postMessage(window.name + &#8216;#&#8217; + location.search, &#8216;*&#8217;)};&#8221;][\/vc_column_inner][\/vc_row_inner][\/vc_column][\/vc_row][vc_row full_width=&#8221;stretch_row_content&#8221; css=&#8221;.vc_custom_1566922175622{padding-top: 20px !important;}&#8221;][vc_column][vc_raw_html]JTNDZGl2JTIwaWQlM0QlMjJlc3BhaV9sbG9ndWVyJTIyJTNFJTNDaWZyYW1lJTIwaWQlM0QlMjJpZmxsb2d1ZXIlMjIlMjB3aWR0aCUzRCUyMjEwMCUyNSUyMiUyMGhlaWdodCUzRCUyMjBweCUyMiUyMHNyYyUzRCUyMiUyMiUyMHN0eWxlJTNEJTIyYm9yZGVyJTNBbm9uZSUzQiUyMG1hcmdpbiUzQSUyMDAlM0IlMjBvdmVyZmxvdyUzQSUyMGhpZGRlbiUzQiUyMG1hcmdpbi1ib3R0b20lM0ElMjAtOTdweCUzQiUyMiUyMHNjcm9sbGluZyUzRCUyMm5vJTIyJTNFJTNDJTJGaWZyYW1lJTNFJTNDZGl2JTIwaWQlM0QlMjJib3RvY2lzdGVsbCUyMiUyMHN0eWxlJTNEJTIyZGlzcGxheSUzQSUyMG5vbmUlM0IlMjBwb3NpdGlvbiUzQSUyMGZpeGVkJTNCJTIwdG9wJTNBJTIwMTMwcHglM0IlMjByaWdodCUzQSUyMDIwcHglM0IlMjBwYWRkaW5nLXRvcCUzQSUyMDEycHglM0IlMjB3aWR0aCUzQSUyMDcwcHglM0IlMjBoZWlnaHQlM0ElMjA3MHB4JTNCJTIwYmFja2dyb3VuZC1jb2xvciUzQSUyMCUyM2Q2MDQxYyUzQiUyMGJvcmRlci1yYWRpdXMlM0ElMjA1MCUyNSUzQiUyMHRleHQtYWxpZ24lM0ElMjBjZW50ZXIlM0IlMjBjb2xvciUzQSUyMHdoaXRlJTNCJTIwei1pbmRleCUzQSUyMDElM0IlMjIlMjBvbmNsaWNrJTNEJTIyZG9jdW1lbnQuZ2V0RWxlbWVudEJ5SWQlMjglMjdpZmxsb2d1ZXIlMjclMjkuY29udGVudFdpbmRvdy5wb3N0TWVzc2FnZSUyOCUyN2NsaWNrX2Npc3RlbGwlMjclMkMlMjAlMjclMkElMjclMjklM0IlMjIlM0UlM0NpJTIwY2xhc3MlM0QlMjJmYSUyMGZhLXNob3BwaW5nLWNhcnQlMjBmYS0zeCUyMiUzRSUzQyUyRmklM0UlM0MlMkZkaXYlM0UlMEElM0NkaXYlMjBpZCUzRCUyMmNvbXB0YWRvci1jaXN0ZWxsYSUyMiUyMHN0eWxlJTNEJTIycG9zaXRpb24lM0ElMjBmaXhlZCUzQnRvcCUzQSUyMDEyN3B4JTNCcmlnaHQlM0ElMjA0OXB4JTNCY29sb3IlM0ElMjAlMjNmZmYlM0Jmb250LXdlaWdodCUzQSUyMGJvbGQlM0J6LWluZGV4JTNBJTIwMSUzQiUyMiUzRSUzQyUyRmRpdiUzRSUwQSUzQyUyRmRpdiUzRSUwQQ==[\/vc_raw_html][\/vc_column][\/vc_row]<\/p>\n","protected":false},"excerpt":{"rendered":"<p>[vc_row full_width=&#8221;stretch_row_content_no_spaces&#8221; css=&#8221;.vc_custom_1566557569064{margin-top: 55px !important;}&#8221;][vc_column width=&#8221;1\/6&#8243; css=&#8221;.vc_custom_1566309314567{padding-top: -30px !important;}&#8221;][\/vc_column][vc_column width=&#8221;1\/3&#8243;][\/vc_column][vc_column width=&#8221;1\/3&#8243; css=&#8221;.vc_custom_1569835588484{padding-left: 20px !important;}&#8221;][\/vc_column][vc_column width=&#8221;1\/6&#8243;][\/vc_column][\/vc_row][vc_row full_width=&#8221;stretch_row&#8221; css=&#8221;.vc_custom_1568036799339{margin-top: 25px !important;padding-bottom: 25px !important;background-image: url(https:\/\/andorraskirental.com\/wp-content\/uploads\/2019\/09\/esquiar-grandvalira.jpg?id=31411) !important;background-position: 0 0 !important;background-repeat: no-repeat !important;}&#8221;][vc_column css=&#8221;.vc_custom_1566923478790{padding-right: 75px !important;}&#8221;][vc_custom_heading text=&#8221;Grandvalira (Encamp, Canillo, El Tarter, Soldeu, Pas de la Casa)&#8221; font_container=&#8221;tag:h2|font_size:30|text_align:center|color:%23383838|line_height:1.5&#8243; google_fonts=&#8221;font_family:Permanent%20Marker%3Aregular|font_style:400%20regular%3A400%3Anormal&#8221;][vc_row_inner][vc_column_inner width=&#8221;1\/4&#8243;][\/vc_column_inner][vc_column_inner width=&#8221;1\/4&#8243;][\/vc_column_inner][vc_column_inner width=&#8221;1\/4&#8243;][\/vc_column_inner][vc_column_inner width=&#8221;1\/4&#8243;][\/vc_column_inner][\/vc_row_inner][\/vc_column][\/vc_row][vc_row css=&#8221;.vc_custom_1696494832309{margin-top: 20px !important;}&#8221;][vc_column][vc_custom_heading text=&#8221;Webcams en directo de todos<\/p>\n","protected":false},"author":1,"featured_media":0,"parent":0,"menu_order":0,"comment_status":"closed","ping_status":"closed","template":"","meta":{"footnotes":""},"class_list":["post-31900","page","type-page","status-publish","hentry"],"yoast_head":"<!-- This site is optimized with the Yoast SEO plugin v26.0 - https:\/\/yoast.com\/wordpress\/plugins\/seo\/ -->\n<title>Esquiar en Grandvalira. Esquiar en Andorra - Andorra Ski Rental<\/title>\n<meta name=\"description\" content=\"Alquiler de material online para esquiar en Grandvalira. Toda la informaci\u00f3n de Grandvalira y las tiendas para realizar el alquiler online.\" \/>\n<meta name=\"robots\" content=\"index, follow, max-snippet:-1, max-image-preview:large, max-video-preview:-1\" \/>\n<link rel=\"canonical\" href=\"https:\/\/andorraskirental.com\/es\/esquiar-grandvalira-andorra\/\" \/>\n<meta property=\"og:locale\" content=\"es_ES\" \/>\n<meta property=\"og:type\" content=\"article\" \/>\n<meta property=\"og:title\" content=\"Esquiar en Grandvalira. Esquiar en Andorra - Andorra Ski Rental\" \/>\n<meta property=\"og:description\" content=\"Alquiler de material online para esquiar en Grandvalira. Toda la informaci\u00f3n de Grandvalira y las tiendas para realizar el alquiler online.\" \/>\n<meta property=\"og:url\" content=\"https:\/\/andorraskirental.com\/es\/esquiar-grandvalira-andorra\/\" \/>\n<meta property=\"og:site_name\" content=\"Andorra Ski Rental\" \/>\n<meta property=\"article:modified_time\" content=\"2025-09-30T16:43:18+00:00\" \/>\n<meta name=\"twitter:card\" content=\"summary_large_image\" \/>\n<meta name=\"twitter:label1\" content=\"Tiempo de lectura\" \/>\n\t<meta name=\"twitter:data1\" content=\"9 minutos\" \/>\n<script type=\"application\/ld+json\" class=\"yoast-schema-graph\">{\"@context\":\"https:\/\/schema.org\",\"@graph\":[{\"@type\":\"WebPage\",\"@id\":\"https:\/\/andorraskirental.com\/es\/esquiar-grandvalira-andorra\/\",\"url\":\"https:\/\/andorraskirental.com\/es\/esquiar-grandvalira-andorra\/\",\"name\":\"Esquiar en Grandvalira. Esquiar en Andorra - Andorra Ski Rental\",\"isPartOf\":{\"@id\":\"https:\/\/andorraskirental.com\/es\/#website\"},\"datePublished\":\"2017-04-29T23:15:42+00:00\",\"dateModified\":\"2025-09-30T16:43:18+00:00\",\"description\":\"Alquiler de material online para esquiar en Grandvalira. Toda la informaci\u00f3n de Grandvalira y las tiendas para realizar el alquiler online.\",\"breadcrumb\":{\"@id\":\"https:\/\/andorraskirental.com\/es\/esquiar-grandvalira-andorra\/#breadcrumb\"},\"inLanguage\":\"es\",\"potentialAction\":[{\"@type\":\"ReadAction\",\"target\":[\"https:\/\/andorraskirental.com\/es\/esquiar-grandvalira-andorra\/\"]}]},{\"@type\":\"BreadcrumbList\",\"@id\":\"https:\/\/andorraskirental.com\/es\/esquiar-grandvalira-andorra\/#breadcrumb\",\"itemListElement\":[{\"@type\":\"ListItem\",\"position\":1,\"name\":\"Inici\",\"item\":\"https:\/\/andorraskirental.com\/es\/\"},{\"@type\":\"ListItem\",\"position\":2,\"name\":\"Esquiar en Grandvalira\"}]},{\"@type\":\"WebSite\",\"@id\":\"https:\/\/andorraskirental.com\/es\/#website\",\"url\":\"https:\/\/andorraskirental.com\/es\/\",\"name\":\"Andorra Ski Rental\",\"description\":\"El portal de lloguer on-line d&#039;esqu\u00eds a Andorra. Properament...\",\"publisher\":{\"@id\":\"https:\/\/andorraskirental.com\/es\/#organization\"},\"potentialAction\":[{\"@type\":\"SearchAction\",\"target\":{\"@type\":\"EntryPoint\",\"urlTemplate\":\"https:\/\/andorraskirental.com\/es\/?s={search_term_string}\"},\"query-input\":{\"@type\":\"PropertyValueSpecification\",\"valueRequired\":true,\"valueName\":\"search_term_string\"}}],\"inLanguage\":\"es\"},{\"@type\":\"Organization\",\"@id\":\"https:\/\/andorraskirental.com\/es\/#organization\",\"name\":\"Andorra Ski Rental\",\"url\":\"https:\/\/andorraskirental.com\/es\/\",\"logo\":{\"@type\":\"ImageObject\",\"inLanguage\":\"es\",\"@id\":\"https:\/\/andorraskirental.com\/es\/#\/schema\/logo\/image\/\",\"url\":\"https:\/\/andorraskirental.com\/wp-content\/uploads\/2019\/08\/logo-asr-menu-superior.png\",\"contentUrl\":\"https:\/\/andorraskirental.com\/wp-content\/uploads\/2019\/08\/logo-asr-menu-superior.png\",\"width\":200,\"height\":46,\"caption\":\"Andorra Ski Rental\"},\"image\":{\"@id\":\"https:\/\/andorraskirental.com\/es\/#\/schema\/logo\/image\/\"},\"sameAs\":[\"https:\/\/www.instagram.com\/andorra.ski.rental\/\"]}]}<\/script>\n<!-- \/ Yoast SEO plugin. -->","yoast_head_json":{"title":"Esquiar en Grandvalira. Esquiar en Andorra - Andorra Ski Rental","description":"Alquiler de material online para esquiar en Grandvalira. Toda la informaci\u00f3n de Grandvalira y las tiendas para realizar el alquiler online.","robots":{"index":"index","follow":"follow","max-snippet":"max-snippet:-1","max-image-preview":"max-image-preview:large","max-video-preview":"max-video-preview:-1"},"canonical":"https:\/\/andorraskirental.com\/es\/esquiar-grandvalira-andorra\/","og_locale":"es_ES","og_type":"article","og_title":"Esquiar en Grandvalira. Esquiar en Andorra - Andorra Ski Rental","og_description":"Alquiler de material online para esquiar en Grandvalira. Toda la informaci\u00f3n de Grandvalira y las tiendas para realizar el alquiler online.","og_url":"https:\/\/andorraskirental.com\/es\/esquiar-grandvalira-andorra\/","og_site_name":"Andorra Ski Rental","article_modified_time":"2025-09-30T16:43:18+00:00","twitter_card":"summary_large_image","twitter_misc":{"Tiempo de lectura":"9 minutos"},"schema":{"@context":"https:\/\/schema.org","@graph":[{"@type":"WebPage","@id":"https:\/\/andorraskirental.com\/es\/esquiar-grandvalira-andorra\/","url":"https:\/\/andorraskirental.com\/es\/esquiar-grandvalira-andorra\/","name":"Esquiar en Grandvalira. Esquiar en Andorra - Andorra Ski Rental","isPartOf":{"@id":"https:\/\/andorraskirental.com\/es\/#website"},"datePublished":"2017-04-29T23:15:42+00:00","dateModified":"2025-09-30T16:43:18+00:00","description":"Alquiler de material online para esquiar en Grandvalira. Toda la informaci\u00f3n de Grandvalira y las tiendas para realizar el alquiler online.","breadcrumb":{"@id":"https:\/\/andorraskirental.com\/es\/esquiar-grandvalira-andorra\/#breadcrumb"},"inLanguage":"es","potentialAction":[{"@type":"ReadAction","target":["https:\/\/andorraskirental.com\/es\/esquiar-grandvalira-andorra\/"]}]},{"@type":"BreadcrumbList","@id":"https:\/\/andorraskirental.com\/es\/esquiar-grandvalira-andorra\/#breadcrumb","itemListElement":[{"@type":"ListItem","position":1,"name":"Inici","item":"https:\/\/andorraskirental.com\/es\/"},{"@type":"ListItem","position":2,"name":"Esquiar en Grandvalira"}]},{"@type":"WebSite","@id":"https:\/\/andorraskirental.com\/es\/#website","url":"https:\/\/andorraskirental.com\/es\/","name":"Andorra Ski Rental","description":"El portal de lloguer on-line d&#039;esqu\u00eds a Andorra. Properament...","publisher":{"@id":"https:\/\/andorraskirental.com\/es\/#organization"},"potentialAction":[{"@type":"SearchAction","target":{"@type":"EntryPoint","urlTemplate":"https:\/\/andorraskirental.com\/es\/?s={search_term_string}"},"query-input":{"@type":"PropertyValueSpecification","valueRequired":true,"valueName":"search_term_string"}}],"inLanguage":"es"},{"@type":"Organization","@id":"https:\/\/andorraskirental.com\/es\/#organization","name":"Andorra Ski Rental","url":"https:\/\/andorraskirental.com\/es\/","logo":{"@type":"ImageObject","inLanguage":"es","@id":"https:\/\/andorraskirental.com\/es\/#\/schema\/logo\/image\/","url":"https:\/\/andorraskirental.com\/wp-content\/uploads\/2019\/08\/logo-asr-menu-superior.png","contentUrl":"https:\/\/andorraskirental.com\/wp-content\/uploads\/2019\/08\/logo-asr-menu-superior.png","width":200,"height":46,"caption":"Andorra Ski Rental"},"image":{"@id":"https:\/\/andorraskirental.com\/es\/#\/schema\/logo\/image\/"},"sameAs":["https:\/\/www.instagram.com\/andorra.ski.rental\/"]}]}},"_links":{"self":[{"href":"https:\/\/andorraskirental.com\/es\/wp-json\/wp\/v2\/pages\/31900","targetHints":{"allow":["GET"]}}],"collection":[{"href":"https:\/\/andorraskirental.com\/es\/wp-json\/wp\/v2\/pages"}],"about":[{"href":"https:\/\/andorraskirental.com\/es\/wp-json\/wp\/v2\/types\/page"}],"author":[{"embeddable":true,"href":"https:\/\/andorraskirental.com\/es\/wp-json\/wp\/v2\/users\/1"}],"replies":[{"embeddable":true,"href":"https:\/\/andorraskirental.com\/es\/wp-json\/wp\/v2\/comments?post=31900"}],"version-history":[{"count":40,"href":"https:\/\/andorraskirental.com\/es\/wp-json\/wp\/v2\/pages\/31900\/revisions"}],"predecessor-version":[{"id":33680,"href":"https:\/\/andorraskirental.com\/es\/wp-json\/wp\/v2\/pages\/31900\/revisions\/33680"}],"wp:attachment":[{"href":"https:\/\/andorraskirental.com\/es\/wp-json\/wp\/v2\/media?parent=31900"}],"curies":[{"name":"wp","href":"https:\/\/api.w.org\/{rel}","templated":true}]}}